{"id":2014,"date":"2023-07-09T22:53:24","date_gmt":"2023-07-09T20:53:24","guid":{"rendered":"https:\/\/asociacionlasubita.com\/sobre-nosaltres\/"},"modified":"2025-11-07T17:15:19","modified_gmt":"2025-11-07T15:15:19","slug":"sobre-nosaltres","status":"publish","type":"page","link":"https:\/\/lasubita.com\/ca\/sobre-nosaltres\/","title":{"rendered":"Sobre nosaltres"},"content":{"rendered":"\t\t<div data-elementor-type=\"wp-page\" data-elementor-id=\"2014\" class=\"elementor elementor-2014 elementor-72\" data-elementor-post-type=\"page\">\n\t\t\t\t\t\t<section class=\"elementor-section elementor-top-section elementor-element elementor-element-89384b0 elementor-section-full_width elementor-section-height-default elementor-section-height-default\" data-id=\"89384b0\" data-element_type=\"section\" data-e-type=\"section\">\n\t\t\t\t\t\t<div class=\"elementor-container elementor-column-gap-default\">\n\t\t\t\t\t<div class=\"elementor-column elementor-col-50 elementor-top-column elementor-element elementor-element-b32a4b7 columna-izq\" data-id=\"b32a4b7\" data-element_type=\"column\" data-e-type=\"column\">\n\t\t\t<div class=\"elementor-widget-wrap elementor-element-populated\">\n\t\t\t\t\t\t<section class=\"elementor-section elementor-inner-section elementor-element elementor-element-3b96640 elementor-section-boxed elementor-section-height-default elementor-section-height-default\" data-id=\"3b96640\" data-element_type=\"section\" data-e-type=\"section\">\n\t\t\t\t\t\t<div class=\"elementor-container elementor-column-gap-default\">\n\t\t\t\t\t<div class=\"elementor-column elementor-col-100 elementor-inner-column elementor-element elementor-element-2d26c54\" data-id=\"2d26c54\" data-element_type=\"column\" data-e-type=\"column\">\n\t\t\t<div class=\"elementor-widget-wrap elementor-element-populated\">\n\t\t\t\t\t\t<div class=\"elementor-element elementor-element-b291234 elementor-nav-menu__align-start elementor-widget__width-initial elementor-nav-menu--dropdown-tablet elementor-nav-menu__text-align-aside elementor-nav-menu--toggle elementor-nav-menu--burger elementor-widget elementor-widget-nav-menu\" data-id=\"b291234\" data-element_type=\"widget\" data-e-type=\"widget\" data-settings=\"{&quot;layout&quot;:&quot;vertical&quot;,&quot;sticky_offset&quot;:&quot;80&quot;,&quot;sticky_parent&quot;:&quot;yes&quot;,&quot;sticky&quot;:&quot;top&quot;,&quot;sticky_effects_offset&quot;:&quot;20&quot;,&quot;sticky_anchor_link_offset&quot;:&quot;20&quot;,&quot;submenu_icon&quot;:{&quot;value&quot;:&quot;&lt;svg aria-hidden=\\&quot;true\\&quot; class=\\&quot;e-font-icon-svg e-fas-caret-down\\&quot; viewBox=\\&quot;0 0 320 512\\&quot; xmlns=\\&quot;http:\\\/\\\/www.w3.org\\\/2000\\\/svg\\&quot;&gt;&lt;path d=\\&quot;M31.3 192h257.3c17.8 0 26.7 21.5 14.1 34.1L174.1 354.8c-7.8 7.8-20.5 7.8-28.3 0L17.2 226.1C4.6 213.5 13.5 192 31.3 192z\\&quot;&gt;&lt;\\\/path&gt;&lt;\\\/svg&gt;&quot;,&quot;library&quot;:&quot;fa-solid&quot;},&quot;toggle&quot;:&quot;burger&quot;,&quot;sticky_on&quot;:[&quot;desktop&quot;,&quot;tablet&quot;,&quot;mobile&quot;]}\" data-widget_type=\"nav-menu.default\">\n\t\t\t\t\t\t\t\t<nav aria-label=\"Menu\" class=\"elementor-nav-menu--main elementor-nav-menu__container elementor-nav-menu--layout-vertical e--pointer-underline e--animation-fade\">\n\t\t\t\t<ul id=\"menu-1-b291234\" class=\"elementor-nav-menu sm-vertical\"><li class=\"menu-item menu-item-type-post_type menu-item-object-page menu-item-1212\"><a href=\"https:\/\/lasubita.com\/la-subita\/\" class=\"elementor-item\">LA S\u00daBITA<\/a><\/li>\n<li class=\"menu-item menu-item-type-post_type menu-item-object-page menu-item-1754\"><a href=\"https:\/\/lasubita.com\/laura\/\" class=\"elementor-item\">LAURA ALCALA FREUDENTHAL<\/a><\/li>\n<li class=\"menu-item menu-item-type-post_type menu-item-object-page menu-item-1213\"><a href=\"https:\/\/lasubita.com\/emma-riba-santure\/\" class=\"elementor-item\">EMMA RIBA SANTUR\u00c9<\/a><\/li>\n<\/ul>\t\t\t<\/nav>\n\t\t\t\t\t<div class=\"elementor-menu-toggle\" role=\"button\" tabindex=\"0\" aria-label=\"Menu Toggle\" aria-expanded=\"false\">\n\t\t\t<svg aria-hidden=\"true\" role=\"presentation\" class=\"elementor-menu-toggle__icon--open e-font-icon-svg e-eicon-menu-bar\" viewBox=\"0 0 1000 1000\" xmlns=\"http:\/\/www.w3.org\/2000\/svg\"><path d=\"M104 333H896C929 333 958 304 958 271S929 208 896 208H104C71 208 42 237 42 271S71 333 104 333ZM104 583H896C929 583 958 554 958 521S929 458 896 458H104C71 458 42 487 42 521S71 583 104 583ZM104 833H896C929 833 958 804 958 771S929 708 896 708H104C71 708 42 737 42 771S71 833 104 833Z\"><\/path><\/svg><svg aria-hidden=\"true\" role=\"presentation\" class=\"elementor-menu-toggle__icon--close e-font-icon-svg e-eicon-close\" viewBox=\"0 0 1000 1000\" xmlns=\"http:\/\/www.w3.org\/2000\/svg\"><path d=\"M742 167L500 408 258 167C246 154 233 150 217 150 196 150 179 158 167 167 154 179 150 196 150 212 150 229 154 242 171 254L408 500 167 742C138 771 138 800 167 829 196 858 225 858 254 829L496 587 738 829C750 842 767 846 783 846 800 846 817 842 829 829 842 817 846 804 846 783 846 767 842 750 829 737L588 500 833 258C863 229 863 200 833 171 804 137 775 137 742 167Z\"><\/path><\/svg>\t\t<\/div>\n\t\t\t\t\t<nav class=\"elementor-nav-menu--dropdown elementor-nav-menu__container\" aria-hidden=\"true\">\n\t\t\t\t<ul id=\"menu-2-b291234\" class=\"elementor-nav-menu sm-vertical\"><li class=\"menu-item menu-item-type-post_type menu-item-object-page menu-item-1212\"><a href=\"https:\/\/lasubita.com\/la-subita\/\" class=\"elementor-item\" tabindex=\"-1\">LA S\u00daBITA<\/a><\/li>\n<li class=\"menu-item menu-item-type-post_type menu-item-object-page menu-item-1754\"><a href=\"https:\/\/lasubita.com\/laura\/\" class=\"elementor-item\" tabindex=\"-1\">LAURA ALCALA FREUDENTHAL<\/a><\/li>\n<li class=\"menu-item menu-item-type-post_type menu-item-object-page menu-item-1213\"><a href=\"https:\/\/lasubita.com\/emma-riba-santure\/\" class=\"elementor-item\" tabindex=\"-1\">EMMA RIBA SANTUR\u00c9<\/a><\/li>\n<\/ul>\t\t\t<\/nav>\n\t\t\t\t\t\t<\/div>\n\t\t\t\t\t<\/div>\n\t\t<\/div>\n\t\t\t\t\t<\/div>\n\t\t<\/section>\n\t\t\t\t\t<\/div>\n\t\t<\/div>\n\t\t\t\t<div class=\"elementor-column elementor-col-50 elementor-top-column elementor-element elementor-element-4b6257a\" data-id=\"4b6257a\" data-element_type=\"column\" data-e-type=\"column\">\n\t\t\t<div class=\"elementor-widget-wrap elementor-element-populated\">\n\t\t\t\t\t\t<div class=\"elementor-element elementor-element-f62a5fd elementor-widget elementor-widget-menu-anchor\" data-id=\"f62a5fd\" data-element_type=\"widget\" data-e-type=\"widget\" data-widget_type=\"menu-anchor.default\">\n\t\t\t\t\t\t\t<div class=\"elementor-menu-anchor\" id=\"up2\"><\/div>\n\t\t\t\t\t\t<\/div>\n\t\t\t\t<section class=\"elementor-section elementor-inner-section elementor-element elementor-element-a074623 elementor-section-boxed elementor-section-height-default elementor-section-height-default\" data-id=\"a074623\" data-element_type=\"section\" data-e-type=\"section\">\n\t\t\t\t\t\t<div class=\"elementor-container elementor-column-gap-default\">\n\t\t\t\t\t<div class=\"elementor-column elementor-col-100 elementor-inner-column elementor-element elementor-element-6a095d6\" data-id=\"6a095d6\" data-element_type=\"column\" data-e-type=\"column\">\n\t\t\t<div class=\"elementor-widget-wrap elementor-element-populated\">\n\t\t\t\t\t\t<div class=\"elementor-element elementor-element-60075b5 elementor-widget elementor-widget-heading\" data-id=\"60075b5\" data-element_type=\"widget\" data-e-type=\"widget\" data-widget_type=\"heading.default\">\n\t\t\t\t\t<h2 class=\"elementor-heading-title elementor-size-default\">Som Emma Riba Santur\u00e9 i Laura Alcala Freudenthal, dues artistes de la dansa que treballem juntes des del 2017 per compartir una llar art\u00edstica: LaS\u00fabita. Una llar figurativa, una habitaci\u00f3 pr\u00f2pia des de la qual treballar i promoure projectes en com\u00fa, amb el suport inavaluable d'Anna Feliu Rich (administraci\u00f3 i producci\u00f3) i de Patty Maestre Pera (distribuci\u00f3 i producci\u00f3 de gires). <\/h2>\t\t\t\t<\/div>\n\t\t\t\t<section class=\"elementor-section elementor-inner-section elementor-element elementor-element-23f7a26 elementor-section-boxed elementor-section-height-default elementor-section-height-default\" data-id=\"23f7a26\" data-element_type=\"section\" data-e-type=\"section\">\n\t\t\t\t\t\t<div class=\"elementor-container elementor-column-gap-default\">\n\t\t\t\t\t<div class=\"elementor-column elementor-col-25 elementor-inner-column elementor-element elementor-element-019e108\" data-id=\"019e108\" data-element_type=\"column\" data-e-type=\"column\">\n\t\t\t<div class=\"elementor-widget-wrap elementor-element-populated\">\n\t\t\t\t\t\t<div class=\"elementor-element elementor-element-ed6247c elementor-widget__width-initial elementor-widget elementor-widget-image\" data-id=\"ed6247c\" data-element_type=\"widget\" data-e-type=\"widget\" data-widget_type=\"image.default\">\n\t\t\t\t\t\t\t\t\t\t\t\t\t\t\t<img fetchpriority=\"high\" decoding=\"async\" width=\"683\" height=\"1024\" src=\"https:\/\/lasubita.com\/wp-content\/uploads\/2025\/07\/lanna-feliu-rich-683x1024.jpg\" class=\"attachment-large size-large wp-image-1268\" alt=\"\" srcset=\"https:\/\/lasubita.com\/wp-content\/uploads\/2025\/07\/lanna-feliu-rich-683x1024.jpg 683w, https:\/\/lasubita.com\/wp-content\/uploads\/2025\/07\/lanna-feliu-rich-200x300.jpg 200w, https:\/\/lasubita.com\/wp-content\/uploads\/2025\/07\/lanna-feliu-rich-768x1151.jpg 768w, https:\/\/lasubita.com\/wp-content\/uploads\/2025\/07\/lanna-feliu-rich-1025x1536.jpg 1025w, https:\/\/lasubita.com\/wp-content\/uploads\/2025\/07\/lanna-feliu-rich-1366x2048.jpg 1366w, https:\/\/lasubita.com\/wp-content\/uploads\/2025\/07\/lanna-feliu-rich-scaled.jpg 1708w\" sizes=\"(max-width: 683px) 100vw, 683px\" \/>\t\t\t\t\t\t\t\t\t\t\t\t\t\t\t<\/div>\n\t\t\t\t<div class=\"elementor-element elementor-element-c61010a elementor-widget elementor-widget-heading\" data-id=\"c61010a\" data-element_type=\"widget\" data-e-type=\"widget\" data-widget_type=\"heading.default\">\n\t\t\t\t\t<h2 class=\"elementor-heading-title elementor-size-default\">Anna Feliu Rich (administraci\u00f3 i producci\u00f3)<\/h2>\t\t\t\t<\/div>\n\t\t\t\t<div class=\"elementor-element elementor-element-abce562 elementor-widget elementor-widget-heading\" data-id=\"abce562\" data-element_type=\"widget\" data-e-type=\"widget\" data-widget_type=\"heading.default\">\n\t\t\t\t\t<h2 class=\"elementor-heading-title elementor-size-default\">L'Anna \u00e9s una persona en\u00e8rgica i positiva que sempre dona suport a les nostres idees i projectes i ens ajuda a fer-los realitat. El 2021 es va incorporar a LaS\u00fabita i des de llavors s'ha convertit en una pe\u00e7a clau en el funcionament de l'empresa. <\/h2>\t\t\t\t<\/div>\n\t\t\t\t<div class=\"elementor-element elementor-element-d780ebb elementor-widget elementor-widget-heading\" data-id=\"d780ebb\" data-element_type=\"widget\" data-e-type=\"widget\" data-widget_type=\"heading.default\">\n\t\t\t\t\t<h2 class=\"elementor-heading-title elementor-size-default\"><a href=\"#anna\">+INFO<\/a><\/h2>\t\t\t\t<\/div>\n\t\t\t\t\t<\/div>\n\t\t<\/div>\n\t\t\t\t<div class=\"elementor-column elementor-col-25 elementor-inner-column elementor-element elementor-element-877f66f\" data-id=\"877f66f\" data-element_type=\"column\" data-e-type=\"column\">\n\t\t\t<div class=\"elementor-widget-wrap elementor-element-populated\">\n\t\t\t\t\t\t<div class=\"elementor-element elementor-element-c765aaf elementor-widget__width-initial elementor-widget elementor-widget-image\" data-id=\"c765aaf\" data-element_type=\"widget\" data-e-type=\"widget\" data-widget_type=\"image.default\">\n\t\t\t\t\t\t\t\t\t\t\t\t\t\t\t<img decoding=\"async\" width=\"683\" height=\"1024\" src=\"https:\/\/lasubita.com\/wp-content\/uploads\/2025\/07\/LA-PATTY-MAESTRE--683x1024.jpg\" class=\"attachment-large size-large wp-image-1270\" alt=\"\" srcset=\"https:\/\/lasubita.com\/wp-content\/uploads\/2025\/07\/LA-PATTY-MAESTRE--683x1024.jpg 683w, https:\/\/lasubita.com\/wp-content\/uploads\/2025\/07\/LA-PATTY-MAESTRE--200x300.jpg 200w, https:\/\/lasubita.com\/wp-content\/uploads\/2025\/07\/LA-PATTY-MAESTRE--768x1151.jpg 768w, https:\/\/lasubita.com\/wp-content\/uploads\/2025\/07\/LA-PATTY-MAESTRE--1025x1536.jpg 1025w, https:\/\/lasubita.com\/wp-content\/uploads\/2025\/07\/LA-PATTY-MAESTRE--1366x2048.jpg 1366w, https:\/\/lasubita.com\/wp-content\/uploads\/2025\/07\/LA-PATTY-MAESTRE--scaled.jpg 1708w\" sizes=\"(max-width: 683px) 100vw, 683px\" \/>\t\t\t\t\t\t\t\t\t\t\t\t\t\t\t<\/div>\n\t\t\t\t<div class=\"elementor-element elementor-element-b563de3 elementor-widget elementor-widget-heading\" data-id=\"b563de3\" data-element_type=\"widget\" data-e-type=\"widget\" data-widget_type=\"heading.default\">\n\t\t\t\t\t<h2 class=\"elementor-heading-title elementor-size-default\">Patty Maestre Pera (distribuci\u00f3 i<br>producci\u00f3 en gira)<\/h2>\t\t\t\t<\/div>\n\t\t\t\t<div class=\"elementor-element elementor-element-a9bac36 elementor-widget elementor-widget-heading\" data-id=\"a9bac36\" data-element_type=\"widget\" data-e-type=\"widget\" data-widget_type=\"heading.default\">\n\t\t\t\t\t<h2 class=\"elementor-heading-title elementor-size-default\">La Patty va n\u00e9ixer preparada, atenta i alerta, i sempre est\u00e0 disposada a donar un cop de m\u00e0. Ens d\u00f3na suport amb un somriure i molta calidesa per fer-nos sentir segurs en moments de vulnerabilitat. Es va incorporar a LaS\u00fabita el 2023, i continuem creixent junts. <\/h2>\t\t\t\t<\/div>\n\t\t\t\t<div class=\"elementor-element elementor-element-ab7c3f5 elementor-widget elementor-widget-heading\" data-id=\"ab7c3f5\" data-element_type=\"widget\" data-e-type=\"widget\" data-widget_type=\"heading.default\">\n\t\t\t\t\t<h2 class=\"elementor-heading-title elementor-size-default\"><a href=\"#patty\">+INFO<\/a><\/h2>\t\t\t\t<\/div>\n\t\t\t\t\t<\/div>\n\t\t<\/div>\n\t\t\t\t<div class=\"elementor-column elementor-col-25 elementor-inner-column elementor-element elementor-element-664b898\" data-id=\"664b898\" data-element_type=\"column\" data-e-type=\"column\">\n\t\t\t<div class=\"elementor-widget-wrap elementor-element-populated\">\n\t\t\t\t\t\t<div class=\"elementor-element elementor-element-7f040fc elementor-widget__width-initial elementor-widget elementor-widget-image\" data-id=\"7f040fc\" data-element_type=\"widget\" data-e-type=\"widget\" data-widget_type=\"image.default\">\n\t\t\t\t\t\t\t\t\t\t\t\t\t\t\t<img decoding=\"async\" width=\"683\" height=\"1024\" src=\"https:\/\/lasubita.com\/wp-content\/uploads\/2025\/07\/la-emma-riba-santure-683x1024.jpg\" class=\"attachment-large size-large wp-image-1266\" alt=\"\" srcset=\"https:\/\/lasubita.com\/wp-content\/uploads\/2025\/07\/la-emma-riba-santure-683x1024.jpg 683w, https:\/\/lasubita.com\/wp-content\/uploads\/2025\/07\/la-emma-riba-santure-200x300.jpg 200w, https:\/\/lasubita.com\/wp-content\/uploads\/2025\/07\/la-emma-riba-santure-768x1151.jpg 768w, https:\/\/lasubita.com\/wp-content\/uploads\/2025\/07\/la-emma-riba-santure-1025x1536.jpg 1025w, https:\/\/lasubita.com\/wp-content\/uploads\/2025\/07\/la-emma-riba-santure-1366x2048.jpg 1366w, https:\/\/lasubita.com\/wp-content\/uploads\/2025\/07\/la-emma-riba-santure-scaled.jpg 1708w\" sizes=\"(max-width: 683px) 100vw, 683px\" \/>\t\t\t\t\t\t\t\t\t\t\t\t\t\t\t<\/div>\n\t\t\t\t<div class=\"elementor-element elementor-element-1328ac1 elementor-widget elementor-widget-heading\" data-id=\"1328ac1\" data-element_type=\"widget\" data-e-type=\"widget\" data-widget_type=\"heading.default\">\n\t\t\t\t\t<h2 class=\"elementor-heading-title elementor-size-default\">Emma Riba Santur\u00e9<br>(direcci\u00f3n art\u00edstica)<\/h2>\t\t\t\t<\/div>\n\t\t\t\t<div class=\"elementor-element elementor-element-1937db6 elementor-widget elementor-widget-heading\" data-id=\"1937db6\" data-element_type=\"widget\" data-e-type=\"widget\" data-widget_type=\"heading.default\">\n\t\t\t\t\t<h2 class=\"elementor-heading-title elementor-size-default\">Emma sempre agafa i aixeca, acompanyant els projectes mentre neixen i, sobretot, mentre creixen. T\u00e9 un ull per al detall i, amb la seva for\u00e7a, modela les coses perqu\u00e8 quedin ben acabades. Ella i la Laura van fundar aquesta empresa juntes i continuen volent evolucionar plegades i construir aquesta llar que les cuida.  <\/h2>\t\t\t\t<\/div>\n\t\t\t\t<div class=\"elementor-element elementor-element-1c795d9 elementor-widget elementor-widget-heading\" data-id=\"1c795d9\" data-element_type=\"widget\" data-e-type=\"widget\" data-widget_type=\"heading.default\">\n\t\t\t\t\t<h2 class=\"elementor-heading-title elementor-size-default\">+INFO<\/h2>\t\t\t\t<\/div>\n\t\t\t\t\t<\/div>\n\t\t<\/div>\n\t\t\t\t<div class=\"elementor-column elementor-col-25 elementor-inner-column elementor-element elementor-element-4fba8ab\" data-id=\"4fba8ab\" data-element_type=\"column\" data-e-type=\"column\">\n\t\t\t<div class=\"elementor-widget-wrap elementor-element-populated\">\n\t\t\t\t\t\t<div class=\"elementor-element elementor-element-b773df2 elementor-widget__width-initial elementor-widget elementor-widget-image\" data-id=\"b773df2\" data-element_type=\"widget\" data-e-type=\"widget\" data-widget_type=\"image.default\">\n\t\t\t\t\t\t\t\t\t\t\t\t\t\t\t<img loading=\"lazy\" decoding=\"async\" width=\"683\" height=\"1024\" src=\"https:\/\/lasubita.com\/wp-content\/uploads\/2025\/07\/la-laura-alcala-freudenthal-683x1024.jpg\" class=\"attachment-large size-large wp-image-1264\" alt=\"\" srcset=\"https:\/\/lasubita.com\/wp-content\/uploads\/2025\/07\/la-laura-alcala-freudenthal-683x1024.jpg 683w, https:\/\/lasubita.com\/wp-content\/uploads\/2025\/07\/la-laura-alcala-freudenthal-200x300.jpg 200w, https:\/\/lasubita.com\/wp-content\/uploads\/2025\/07\/la-laura-alcala-freudenthal-768x1151.jpg 768w, https:\/\/lasubita.com\/wp-content\/uploads\/2025\/07\/la-laura-alcala-freudenthal-1025x1536.jpg 1025w, https:\/\/lasubita.com\/wp-content\/uploads\/2025\/07\/la-laura-alcala-freudenthal-1366x2048.jpg 1366w, https:\/\/lasubita.com\/wp-content\/uploads\/2025\/07\/la-laura-alcala-freudenthal-scaled.jpg 1708w\" sizes=\"(max-width: 683px) 100vw, 683px\" \/>\t\t\t\t\t\t\t\t\t\t\t\t\t\t\t<\/div>\n\t\t\t\t<div class=\"elementor-element elementor-element-fb38118 elementor-widget elementor-widget-heading\" data-id=\"fb38118\" data-element_type=\"widget\" data-e-type=\"widget\" data-widget_type=\"heading.default\">\n\t\t\t\t\t<h2 class=\"elementor-heading-title elementor-size-default\">Laura Alcala Freudenthal (directora art\u00edstica)\n<\/h2>\t\t\t\t<\/div>\n\t\t\t\t<div class=\"elementor-element elementor-element-a4401a7 elementor-widget elementor-widget-heading\" data-id=\"a4401a7\" data-element_type=\"widget\" data-e-type=\"widget\" data-widget_type=\"heading.default\">\n\t\t\t\t\t<h2 class=\"elementor-heading-title elementor-size-default\">Laura \u00e9s intu\u00eftiva i decidida, una \u00e0nima inquieta que \u00e9s dif\u00edcil d'aturar i que contagia la seva passi\u00f3 per tot el que fa. Sempre est\u00e0 planificant alguna cosa i la seva energia fa que les coses passin. Ella i l'Emma van fundar aquesta empresa juntes i continuen volent evolucionar plegades i construir aquest lloc que les cuida.  <\/h2>\t\t\t\t<\/div>\n\t\t\t\t<div class=\"elementor-element elementor-element-c03697c elementor-widget elementor-widget-heading\" data-id=\"c03697c\" data-element_type=\"widget\" data-e-type=\"widget\" data-widget_type=\"heading.default\">\n\t\t\t\t\t<h2 class=\"elementor-heading-title elementor-size-default\">+INFo<\/h2>\t\t\t\t<\/div>\n\t\t\t\t\t<\/div>\n\t\t<\/div>\n\t\t\t\t\t<\/div>\n\t\t<\/section>\n\t\t\t\t<section class=\"elementor-section elementor-inner-section elementor-element elementor-element-61a2542 elementor-section-boxed elementor-section-height-default elementor-section-height-default\" data-id=\"61a2542\" data-element_type=\"section\" data-e-type=\"section\">\n\t\t\t\t\t\t<div class=\"elementor-container elementor-column-gap-default\">\n\t\t\t\t\t<div class=\"elementor-column elementor-col-33 elementor-inner-column elementor-element elementor-element-640d327\" data-id=\"640d327\" data-element_type=\"column\" data-e-type=\"column\">\n\t\t\t<div class=\"elementor-widget-wrap elementor-element-populated\">\n\t\t\t\t\t\t<div class=\"elementor-element elementor-element-f3756d5 elementor-widget elementor-widget-heading\" data-id=\"f3756d5\" data-element_type=\"widget\" data-e-type=\"widget\" data-widget_type=\"heading.default\">\n\t\t\t\t\t<h2 class=\"elementor-heading-title elementor-size-default\"><a href=\"#subita\">LaS\u00fabita<\/a><\/h2>\t\t\t\t<\/div>\n\t\t\t\t<div class=\"elementor-element elementor-element-5048690 elementor-widget elementor-widget-heading\" data-id=\"5048690\" data-element_type=\"widget\" data-e-type=\"widget\" data-widget_type=\"heading.default\">\n\t\t\t\t\t<h2 class=\"elementor-heading-title elementor-size-default\">crea i produeix espectacles per a<\/h2>\t\t\t\t<\/div>\n\t\t\t\t<div class=\"elementor-element elementor-element-b981ee2 elementor-widget elementor-widget-heading\" data-id=\"b981ee2\" data-element_type=\"widget\" data-e-type=\"widget\" data-widget_type=\"heading.default\">\n\t\t\t\t\t<h2 class=\"elementor-heading-title elementor-size-default\">danza, acoge intereses, investigaciones y proyectos de Laura y Emma y genera espacios de intercambio y reflexi\u00f3n con compa\u00f1eras del sector. Nuestras principales l\u00edneas de actividad son: la creaci\u00f3n en danza, la formaci\u00f3n, el intercambio con el \u00e1mbito educativo y la acci\u00f3n comunitaria desde la danza, as\u00ed como la direcci\u00f3n y producci\u00f3n creativa de proyectos comisariados o por encargo. <\/h2>\t\t\t\t<\/div>\n\t\t\t\t\t<\/div>\n\t\t<\/div>\n\t\t\t\t<div class=\"elementor-column elementor-col-33 elementor-inner-column elementor-element elementor-element-c226020\" data-id=\"c226020\" data-element_type=\"column\" data-e-type=\"column\">\n\t\t\t<div class=\"elementor-widget-wrap elementor-element-populated\">\n\t\t\t\t\t\t<div class=\"elementor-element elementor-element-6acc681 elementor-widget__width-initial elementor-widget elementor-widget-image\" data-id=\"6acc681\" data-element_type=\"widget\" data-e-type=\"widget\" data-widget_type=\"image.default\">\n\t\t\t\t\t\t\t\t\t\t\t\t\t\t\t<img loading=\"lazy\" decoding=\"async\" width=\"800\" height=\"534\" src=\"https:\/\/lasubita.com\/wp-content\/uploads\/2025\/07\/lasubita1757-1024x683.jpg\" class=\"attachment-large size-large wp-image-1280\" alt=\"\" srcset=\"https:\/\/lasubita.com\/wp-content\/uploads\/2025\/07\/lasubita1757-1024x683.jpg 1024w, https:\/\/lasubita.com\/wp-content\/uploads\/2025\/07\/lasubita1757-300x200.jpg 300w, https:\/\/lasubita.com\/wp-content\/uploads\/2025\/07\/lasubita1757-768x512.jpg 768w, https:\/\/lasubita.com\/wp-content\/uploads\/2025\/07\/lasubita1757-1536x1025.jpg 1536w, https:\/\/lasubita.com\/wp-content\/uploads\/2025\/07\/lasubita1757-2048x1366.jpg 2048w\" sizes=\"(max-width: 800px) 100vw, 800px\" \/>\t\t\t\t\t\t\t\t\t\t\t\t\t\t\t<\/div>\n\t\t\t\t<div class=\"elementor-element elementor-element-c4c8c06 elementor-absolute elementor-widget elementor-widget-heading\" data-id=\"c4c8c06\" data-element_type=\"widget\" data-e-type=\"widget\" data-settings=\"{&quot;_position&quot;:&quot;absolute&quot;}\" data-widget_type=\"heading.default\">\n\t\t\t\t\t<h2 class=\"elementor-heading-title elementor-size-default\">FORMACI\u00d3<\/h2>\t\t\t\t<\/div>\n\t\t\t\t\t<\/div>\n\t\t<\/div>\n\t\t\t\t<div class=\"elementor-column elementor-col-33 elementor-inner-column elementor-element elementor-element-d25e074\" data-id=\"d25e074\" data-element_type=\"column\" data-e-type=\"column\">\n\t\t\t<div class=\"elementor-widget-wrap elementor-element-populated\">\n\t\t\t\t\t\t<div class=\"elementor-element elementor-element-ee3fa6c elementor-widget__width-initial elementor-absolute elementor-widget elementor-widget-image\" data-id=\"ee3fa6c\" data-element_type=\"widget\" data-e-type=\"widget\" data-settings=\"{&quot;_position&quot;:&quot;absolute&quot;}\" data-widget_type=\"image.default\">\n\t\t\t\t\t\t\t\t\t\t\t\t\t\t\t<img loading=\"lazy\" decoding=\"async\" width=\"683\" height=\"1024\" src=\"https:\/\/lasubita.com\/wp-content\/uploads\/2025\/07\/lasubita1987-copia-683x1024.jpg\" class=\"attachment-large size-large wp-image-1288\" alt=\"\" srcset=\"https:\/\/lasubita.com\/wp-content\/uploads\/2025\/07\/lasubita1987-copia-683x1024.jpg 683w, https:\/\/lasubita.com\/wp-content\/uploads\/2025\/07\/lasubita1987-copia-200x300.jpg 200w, https:\/\/lasubita.com\/wp-content\/uploads\/2025\/07\/lasubita1987-copia-768x1151.jpg 768w, https:\/\/lasubita.com\/wp-content\/uploads\/2025\/07\/lasubita1987-copia-1025x1536.jpg 1025w, https:\/\/lasubita.com\/wp-content\/uploads\/2025\/07\/lasubita1987-copia-1366x2048.jpg 1366w, https:\/\/lasubita.com\/wp-content\/uploads\/2025\/07\/lasubita1987-copia-scaled.jpg 1708w\" sizes=\"(max-width: 683px) 100vw, 683px\" \/>\t\t\t\t\t\t\t\t\t\t\t\t\t\t\t<\/div>\n\t\t\t\t\t<\/div>\n\t\t<\/div>\n\t\t\t\t\t<\/div>\n\t\t<\/section>\n\t\t\t\t\t<\/div>\n\t\t<\/div>\n\t\t\t\t\t<\/div>\n\t\t<\/section>\n\t\t\t\t<section class=\"elementor-section elementor-inner-section elementor-element elementor-element-ef362ba elementor-section-boxed elementor-section-height-default elementor-section-height-default\" data-id=\"ef362ba\" data-element_type=\"section\" data-e-type=\"section\">\n\t\t\t\t\t\t<div class=\"elementor-container elementor-column-gap-default\">\n\t\t\t\t\t<div class=\"elementor-column elementor-col-33 elementor-inner-column elementor-element elementor-element-6498770\" data-id=\"6498770\" data-element_type=\"column\" data-e-type=\"column\">\n\t\t\t<div class=\"elementor-widget-wrap elementor-element-populated\">\n\t\t\t\t\t\t<div class=\"elementor-element elementor-element-afeb5a3 elementor-widget__width-initial elementor-widget elementor-widget-image\" data-id=\"afeb5a3\" data-element_type=\"widget\" data-e-type=\"widget\" data-widget_type=\"image.default\">\n\t\t\t\t\t\t\t\t\t\t\t\t\t\t\t<img loading=\"lazy\" decoding=\"async\" width=\"683\" height=\"1024\" src=\"https:\/\/lasubita.com\/wp-content\/uploads\/2025\/07\/lasubita2244-copia-683x1024.jpg\" class=\"attachment-large size-large wp-image-1302\" alt=\"\" srcset=\"https:\/\/lasubita.com\/wp-content\/uploads\/2025\/07\/lasubita2244-copia-683x1024.jpg 683w, https:\/\/lasubita.com\/wp-content\/uploads\/2025\/07\/lasubita2244-copia-200x300.jpg 200w, https:\/\/lasubita.com\/wp-content\/uploads\/2025\/07\/lasubita2244-copia-768x1151.jpg 768w, https:\/\/lasubita.com\/wp-content\/uploads\/2025\/07\/lasubita2244-copia-1025x1536.jpg 1025w, https:\/\/lasubita.com\/wp-content\/uploads\/2025\/07\/lasubita2244-copia-1366x2048.jpg 1366w, https:\/\/lasubita.com\/wp-content\/uploads\/2025\/07\/lasubita2244-copia-scaled.jpg 1708w\" sizes=\"(max-width: 683px) 100vw, 683px\" \/>\t\t\t\t\t\t\t\t\t\t\t\t\t\t\t<\/div>\n\t\t\t\t<div class=\"elementor-element elementor-element-d987952 elementor-widget__width-initial elementor-widget elementor-widget-image\" data-id=\"d987952\" data-element_type=\"widget\" data-e-type=\"widget\" data-widget_type=\"image.default\">\n\t\t\t\t\t\t\t\t\t\t\t\t\t\t\t<img loading=\"lazy\" decoding=\"async\" width=\"683\" height=\"1024\" src=\"https:\/\/lasubita.com\/wp-content\/uploads\/2025\/07\/lasubita2286-copia-683x1024.jpg\" class=\"attachment-large size-large wp-image-1304\" alt=\"\" srcset=\"https:\/\/lasubita.com\/wp-content\/uploads\/2025\/07\/lasubita2286-copia-683x1024.jpg 683w, https:\/\/lasubita.com\/wp-content\/uploads\/2025\/07\/lasubita2286-copia-200x300.jpg 200w, https:\/\/lasubita.com\/wp-content\/uploads\/2025\/07\/lasubita2286-copia-768x1151.jpg 768w, https:\/\/lasubita.com\/wp-content\/uploads\/2025\/07\/lasubita2286-copia-1025x1536.jpg 1025w, https:\/\/lasubita.com\/wp-content\/uploads\/2025\/07\/lasubita2286-copia-1366x2048.jpg 1366w, https:\/\/lasubita.com\/wp-content\/uploads\/2025\/07\/lasubita2286-copia-scaled.jpg 1708w\" sizes=\"(max-width: 683px) 100vw, 683px\" \/>\t\t\t\t\t\t\t\t\t\t\t\t\t\t\t<\/div>\n\t\t\t\t\t<\/div>\n\t\t<\/div>\n\t\t\t\t<div class=\"elementor-column elementor-col-33 elementor-inner-column elementor-element elementor-element-e642535\" data-id=\"e642535\" data-element_type=\"column\" data-e-type=\"column\">\n\t\t\t<div class=\"elementor-widget-wrap elementor-element-populated\">\n\t\t\t\t\t\t<div class=\"elementor-element elementor-element-281ce1b elementor-absolute elementor-widget elementor-widget-heading\" data-id=\"281ce1b\" data-element_type=\"widget\" data-e-type=\"widget\" data-settings=\"{&quot;_position&quot;:&quot;absolute&quot;}\" data-widget_type=\"heading.default\">\n\t\t\t\t\t<h2 class=\"elementor-heading-title elementor-size-default\">Creaci\u00f3 en dansa<\/h2>\t\t\t\t<\/div>\n\t\t\t\t<div class=\"elementor-element elementor-element-95fe8a1 elementor-absolute elementor-widget elementor-widget-heading\" data-id=\"95fe8a1\" data-element_type=\"widget\" data-e-type=\"widget\" data-settings=\"{&quot;_position&quot;:&quot;absolute&quot;}\" data-widget_type=\"heading.default\">\n\t\t\t\t\t<h2 class=\"elementor-heading-title elementor-size-default\">Acci\u00f3 comunit\u00e0ria<\/h2>\t\t\t\t<\/div>\n\t\t\t\t<div class=\"elementor-element elementor-element-755fedd elementor-widget__width-initial elementor-absolute elementor-widget elementor-widget-image\" data-id=\"755fedd\" data-element_type=\"widget\" data-e-type=\"widget\" data-settings=\"{&quot;_position&quot;:&quot;absolute&quot;}\" data-widget_type=\"image.default\">\n\t\t\t\t\t\t\t\t\t\t\t\t\t\t\t<img loading=\"lazy\" decoding=\"async\" width=\"800\" height=\"534\" src=\"https:\/\/lasubita.com\/wp-content\/uploads\/2025\/07\/lasubita1791-copia-1-1024x683.jpg\" class=\"attachment-large size-large wp-image-1278\" alt=\"\" srcset=\"https:\/\/lasubita.com\/wp-content\/uploads\/2025\/07\/lasubita1791-copia-1-1024x683.jpg 1024w, https:\/\/lasubita.com\/wp-content\/uploads\/2025\/07\/lasubita1791-copia-1-300x200.jpg 300w, https:\/\/lasubita.com\/wp-content\/uploads\/2025\/07\/lasubita1791-copia-1-768x512.jpg 768w, https:\/\/lasubita.com\/wp-content\/uploads\/2025\/07\/lasubita1791-copia-1-1536x1025.jpg 1536w, https:\/\/lasubita.com\/wp-content\/uploads\/2025\/07\/lasubita1791-copia-1-2048x1366.jpg 2048w\" sizes=\"(max-width: 800px) 100vw, 800px\" \/>\t\t\t\t\t\t\t\t\t\t\t\t\t\t\t<\/div>\n\t\t\t\t\t<\/div>\n\t\t<\/div>\n\t\t\t\t<div class=\"elementor-column elementor-col-33 elementor-inner-column elementor-element elementor-element-bda08dc\" data-id=\"bda08dc\" data-element_type=\"column\" data-e-type=\"column\">\n\t\t\t<div class=\"elementor-widget-wrap elementor-element-populated\">\n\t\t\t\t\t\t<div class=\"elementor-element elementor-element-e2c3ccc elementor-absolute elementor-widget elementor-widget-heading\" data-id=\"e2c3ccc\" data-element_type=\"widget\" data-e-type=\"widget\" data-settings=\"{&quot;_position&quot;:&quot;absolute&quot;}\" data-widget_type=\"heading.default\">\n\t\t\t\t\t<h2 class=\"elementor-heading-title elementor-size-default\">CANVI<\/h2>\t\t\t\t<\/div>\n\t\t\t\t<div class=\"elementor-element elementor-element-7b52e7b elementor-absolute elementor-widget elementor-widget-heading\" data-id=\"7b52e7b\" data-element_type=\"widget\" data-e-type=\"widget\" data-settings=\"{&quot;_position&quot;:&quot;absolute&quot;}\" data-widget_type=\"heading.default\">\n\t\t\t\t\t<h2 class=\"elementor-heading-title elementor-size-default\">Direcci\u00f3 creativa<\/h2>\t\t\t\t<\/div>\n\t\t\t\t\t<\/div>\n\t\t<\/div>\n\t\t\t\t\t<\/div>\n\t\t<\/section>\n\t\t\t\t<section class=\"elementor-section elementor-inner-section elementor-element elementor-element-f6118b0 elementor-section-boxed elementor-section-height-default elementor-section-height-default\" data-id=\"f6118b0\" data-element_type=\"section\" data-e-type=\"section\">\n\t\t\t\t\t\t<div class=\"elementor-container elementor-column-gap-default\">\n\t\t\t\t\t<div class=\"elementor-column elementor-col-33 elementor-inner-column elementor-element elementor-element-0a3536c\" data-id=\"0a3536c\" data-element_type=\"column\" data-e-type=\"column\">\n\t\t\t<div class=\"elementor-widget-wrap elementor-element-populated\">\n\t\t\t\t\t\t<div class=\"elementor-element elementor-element-c02fdfa elementor-widget__width-initial elementor-absolute elementor-widget elementor-widget-image\" data-id=\"c02fdfa\" data-element_type=\"widget\" data-e-type=\"widget\" data-settings=\"{&quot;_position&quot;:&quot;absolute&quot;}\" data-widget_type=\"image.default\">\n\t\t\t\t\t\t\t\t\t\t\t\t\t\t\t<img loading=\"lazy\" decoding=\"async\" width=\"683\" height=\"1024\" src=\"https:\/\/lasubita.com\/wp-content\/uploads\/2025\/07\/lasubita1707-copia-683x1024.jpg\" class=\"attachment-large size-large wp-image-1276\" alt=\"\" srcset=\"https:\/\/lasubita.com\/wp-content\/uploads\/2025\/07\/lasubita1707-copia-683x1024.jpg 683w, https:\/\/lasubita.com\/wp-content\/uploads\/2025\/07\/lasubita1707-copia-200x300.jpg 200w, https:\/\/lasubita.com\/wp-content\/uploads\/2025\/07\/lasubita1707-copia-768x1151.jpg 768w, https:\/\/lasubita.com\/wp-content\/uploads\/2025\/07\/lasubita1707-copia-1025x1536.jpg 1025w, https:\/\/lasubita.com\/wp-content\/uploads\/2025\/07\/lasubita1707-copia-1366x2048.jpg 1366w, https:\/\/lasubita.com\/wp-content\/uploads\/2025\/07\/lasubita1707-copia-scaled.jpg 1708w\" sizes=\"(max-width: 683px) 100vw, 683px\" \/>\t\t\t\t\t\t\t\t\t\t\t\t\t\t\t<\/div>\n\t\t\t\t<div class=\"elementor-element elementor-element-fcc30b7 elementor-absolute elementor-widget__width-initial elementor-widget elementor-widget-heading\" data-id=\"fcc30b7\" data-element_type=\"widget\" data-e-type=\"widget\" data-settings=\"{&quot;_position&quot;:&quot;absolute&quot;}\" data-widget_type=\"heading.default\">\n\t\t\t\t\t<h2 class=\"elementor-heading-title elementor-size-default\">CASA ART\u00cdSTICA<\/h2>\t\t\t\t<\/div>\n\t\t\t\t<div class=\"elementor-element elementor-element-663dcd8 elementor-absolute elementor-widget__width-initial elementor-widget elementor-widget-heading\" data-id=\"663dcd8\" data-element_type=\"widget\" data-e-type=\"widget\" data-settings=\"{&quot;_position&quot;:&quot;absolute&quot;}\" data-widget_type=\"heading.default\">\n\t\t\t\t\t<h2 class=\"elementor-heading-title elementor-size-default\">CREA<\/h2>\t\t\t\t<\/div>\n\t\t\t\t<div class=\"elementor-element elementor-element-e38b07c elementor-absolute elementor-widget__width-initial elementor-widget elementor-widget-heading\" data-id=\"e38b07c\" data-element_type=\"widget\" data-e-type=\"widget\" data-settings=\"{&quot;_position&quot;:&quot;absolute&quot;}\" data-widget_type=\"heading.default\">\n\t\t\t\t\t<h2 class=\"elementor-heading-title elementor-size-default\">GENERA CONTEXTES<\/h2>\t\t\t\t<\/div>\n\t\t\t\t<div class=\"elementor-element elementor-element-593a3c5 elementor-absolute elementor-widget__width-initial elementor-widget elementor-widget-heading\" data-id=\"593a3c5\" data-element_type=\"widget\" data-e-type=\"widget\" data-settings=\"{&quot;_position&quot;:&quot;absolute&quot;}\" data-widget_type=\"heading.default\">\n\t\t\t\t\t<h2 class=\"elementor-heading-title elementor-size-default\">PRODUIR<\/h2>\t\t\t\t<\/div>\n\t\t\t\t\t<\/div>\n\t\t<\/div>\n\t\t\t\t<div class=\"elementor-column elementor-col-33 elementor-inner-column elementor-element elementor-element-1c1253c\" data-id=\"1c1253c\" data-element_type=\"column\" data-e-type=\"column\">\n\t\t\t<div class=\"elementor-widget-wrap elementor-element-populated\">\n\t\t\t\t\t\t<div class=\"elementor-element elementor-element-5d45ea9 elementor-widget__width-initial elementor-absolute elementor-widget elementor-widget-image\" data-id=\"5d45ea9\" data-element_type=\"widget\" data-e-type=\"widget\" data-settings=\"{&quot;_position&quot;:&quot;absolute&quot;}\" data-widget_type=\"image.default\">\n\t\t\t\t\t\t\t\t\t\t\t\t\t\t\t<img loading=\"lazy\" decoding=\"async\" width=\"205\" height=\"182\" src=\"https:\/\/lasubita.com\/wp-content\/uploads\/2025\/05\/Anotacion-2025-05-14-132412.jpg\" class=\"attachment-large size-large wp-image-410\" alt=\"\" \/>\t\t\t\t\t\t\t\t\t\t\t\t\t\t\t<\/div>\n\t\t\t\t<div class=\"elementor-element elementor-element-85761ca elementor-widget__width-initial elementor-absolute elementor-widget elementor-widget-image\" data-id=\"85761ca\" data-element_type=\"widget\" data-e-type=\"widget\" data-settings=\"{&quot;_position&quot;:&quot;absolute&quot;}\" data-widget_type=\"image.default\">\n\t\t\t\t\t\t\t\t\t\t\t\t\t\t\t<img loading=\"lazy\" decoding=\"async\" width=\"800\" height=\"534\" src=\"https:\/\/lasubita.com\/wp-content\/uploads\/2025\/07\/lasubita1801-copia-1024x683.jpg\" class=\"attachment-large size-large wp-image-1282\" alt=\"\" srcset=\"https:\/\/lasubita.com\/wp-content\/uploads\/2025\/07\/lasubita1801-copia-1024x683.jpg 1024w, https:\/\/lasubita.com\/wp-content\/uploads\/2025\/07\/lasubita1801-copia-300x200.jpg 300w, https:\/\/lasubita.com\/wp-content\/uploads\/2025\/07\/lasubita1801-copia-768x512.jpg 768w, https:\/\/lasubita.com\/wp-content\/uploads\/2025\/07\/lasubita1801-copia-1536x1025.jpg 1536w, https:\/\/lasubita.com\/wp-content\/uploads\/2025\/07\/lasubita1801-copia-2048x1366.jpg 2048w\" sizes=\"(max-width: 800px) 100vw, 800px\" \/>\t\t\t\t\t\t\t\t\t\t\t\t\t\t\t<\/div>\n\t\t\t\t<div class=\"elementor-element elementor-element-7e6f97a elementor-widget__width-initial elementor-absolute elementor-widget elementor-widget-image\" data-id=\"7e6f97a\" data-element_type=\"widget\" data-e-type=\"widget\" data-settings=\"{&quot;_position&quot;:&quot;absolute&quot;}\" data-widget_type=\"image.default\">\n\t\t\t\t\t\t\t\t\t\t\t\t\t\t\t<img loading=\"lazy\" decoding=\"async\" width=\"683\" height=\"1024\" src=\"https:\/\/lasubita.com\/wp-content\/uploads\/2025\/07\/lasubita2022-copia-683x1024.jpg\" class=\"attachment-large size-large wp-image-1294\" alt=\"\" srcset=\"https:\/\/lasubita.com\/wp-content\/uploads\/2025\/07\/lasubita2022-copia-683x1024.jpg 683w, https:\/\/lasubita.com\/wp-content\/uploads\/2025\/07\/lasubita2022-copia-200x300.jpg 200w, https:\/\/lasubita.com\/wp-content\/uploads\/2025\/07\/lasubita2022-copia-768x1151.jpg 768w, https:\/\/lasubita.com\/wp-content\/uploads\/2025\/07\/lasubita2022-copia-1025x1536.jpg 1025w, https:\/\/lasubita.com\/wp-content\/uploads\/2025\/07\/lasubita2022-copia-1366x2048.jpg 1366w, https:\/\/lasubita.com\/wp-content\/uploads\/2025\/07\/lasubita2022-copia-scaled.jpg 1708w\" sizes=\"(max-width: 683px) 100vw, 683px\" \/>\t\t\t\t\t\t\t\t\t\t\t\t\t\t\t<\/div>\n\t\t\t\t\t<\/div>\n\t\t<\/div>\n\t\t\t\t<div class=\"elementor-column elementor-col-33 elementor-inner-column elementor-element elementor-element-396787f\" data-id=\"396787f\" data-element_type=\"column\" data-e-type=\"column\">\n\t\t\t<div class=\"elementor-widget-wrap elementor-element-populated\">\n\t\t\t\t\t\t<div class=\"elementor-element elementor-element-e50503f elementor-widget elementor-widget-heading\" data-id=\"e50503f\" data-element_type=\"widget\" data-e-type=\"widget\" data-widget_type=\"heading.default\">\n\t\t\t\t\t<h2 class=\"elementor-heading-title elementor-size-default\"><a href=\"#subita\">LaS\u00fabita<\/a><\/h2>\t\t\t\t<\/div>\n\t\t\t\t<div class=\"elementor-element elementor-element-c46eb50 elementor-widget elementor-widget-heading\" data-id=\"c46eb50\" data-element_type=\"widget\" data-e-type=\"widget\" data-widget_type=\"heading.default\">\n\t\t\t\t\t<h2 class=\"elementor-heading-title elementor-size-default\">t\u00e9 una operaci\u00f3 circular <\/h2>\t\t\t\t<\/div>\n\t\t\t\t<div class=\"elementor-element elementor-element-ea360e4 elementor-widget elementor-widget-heading\" data-id=\"ea360e4\" data-element_type=\"widget\" data-e-type=\"widget\" data-widget_type=\"heading.default\">\n\t\t\t\t\t<h2 class=\"elementor-heading-title elementor-size-default\">intr\u00ednsec a la nostra comprensi\u00f3 de la dansa (recerca, intercanvi amb professionals i p\u00fablics, creaci\u00f3 i exhibici\u00f3). En aquest cicle, la interacci\u00f3 entre la pr\u00e0ctica creativa amb comunitats professionals i no professionals, aix\u00ed com els projectes comunitaris, s\u00f3n clau. Destacem projectes com ara: #practicasdeloinvisible, les sessions de formaci\u00f3 de dissabte \"LaS\u00fabita&amp;amiguis\", la creaci\u00f3 comunit\u00e0ria a Nilak-Rocafort (2022) i la participaci\u00f3 en el llibre \"Mutare\" de la Fundaci\u00f3 Carulla (2023), juntament amb 12 dones de Rocafort de Queralt; el projecte \"Ballar el barri | Danceoke comunitario\" (2024), dirigit per Laura Alcala Freudenthal i produ\u00eft per LaS\u00fabita en col\u00b7laboraci\u00f3 amb l'ICUB per al festival MAC (Merc\u00e8 Arts de Carrer).  \n<\/h2>\t\t\t\t<\/div>\n\t\t\t\t\t<\/div>\n\t\t<\/div>\n\t\t\t\t\t<\/div>\n\t\t<\/section>\n\t\t\t\t<section class=\"elementor-section elementor-inner-section elementor-element elementor-element-33a5324 elementor-section-boxed elementor-section-height-default elementor-section-height-default\" data-id=\"33a5324\" data-element_type=\"section\" data-e-type=\"section\">\n\t\t\t\t\t\t<div class=\"elementor-container elementor-column-gap-default\">\n\t\t\t\t\t<div class=\"elementor-column elementor-col-25 elementor-inner-column elementor-element elementor-element-6b920cc\" data-id=\"6b920cc\" data-element_type=\"column\" data-e-type=\"column\">\n\t\t\t<div class=\"elementor-widget-wrap elementor-element-populated\">\n\t\t\t\t\t\t<div class=\"elementor-element elementor-element-0055d4d elementor-widget elementor-widget-heading\" data-id=\"0055d4d\" data-element_type=\"widget\" data-e-type=\"widget\" data-widget_type=\"heading.default\">\n\t\t\t\t\t<h2 class=\"elementor-heading-title elementor-size-default\"><a href=\"#subita\">LaS\u00fabita<\/a><\/h2>\t\t\t\t<\/div>\n\t\t\t\t<div class=\"elementor-element elementor-element-a419e17 elementor-widget elementor-widget-heading\" data-id=\"a419e17\" data-element_type=\"widget\" data-e-type=\"widget\" data-widget_type=\"heading.default\">\n\t\t\t\t\t<h2 class=\"elementor-heading-title elementor-size-default\">com a llar art\u00edstica, ens permet <\/h2>\t\t\t\t<\/div>\n\t\t\t\t<div class=\"elementor-element elementor-element-8fd090b elementor-widget elementor-widget-heading\" data-id=\"8fd090b\" data-element_type=\"widget\" data-e-type=\"widget\" data-widget_type=\"heading.default\">\n\t\t\t\t\t<h2 class=\"elementor-heading-title elementor-size-default\">Crear, produir i generar contextos per desenvolupar la nostra pr\u00e0ctica, sempre amb l'objectiu de compartir, aprendre i cr\u00e9ixer com una fam\u00edlia.<\/h2>\t\t\t\t<\/div>\n\t\t\t\t\t<\/div>\n\t\t<\/div>\n\t\t\t\t<div class=\"elementor-column elementor-col-25 elementor-inner-column elementor-element elementor-element-3d4b90c\" data-id=\"3d4b90c\" data-element_type=\"column\" data-e-type=\"column\">\n\t\t\t<div class=\"elementor-widget-wrap elementor-element-populated\">\n\t\t\t\t\t\t<div class=\"elementor-element elementor-element-279619e elementor-widget__width-initial elementor-absolute elementor-widget elementor-widget-image\" data-id=\"279619e\" data-element_type=\"widget\" data-e-type=\"widget\" data-settings=\"{&quot;_position&quot;:&quot;absolute&quot;}\" data-widget_type=\"image.default\">\n\t\t\t\t\t\t\t\t\t\t\t\t\t\t\t<img loading=\"lazy\" decoding=\"async\" width=\"683\" height=\"1024\" src=\"https:\/\/lasubita.com\/wp-content\/uploads\/2025\/07\/lasubita1926-copia-683x1024.jpg\" class=\"attachment-large size-large wp-image-1284\" alt=\"\" srcset=\"https:\/\/lasubita.com\/wp-content\/uploads\/2025\/07\/lasubita1926-copia-683x1024.jpg 683w, https:\/\/lasubita.com\/wp-content\/uploads\/2025\/07\/lasubita1926-copia-200x300.jpg 200w, https:\/\/lasubita.com\/wp-content\/uploads\/2025\/07\/lasubita1926-copia-768x1151.jpg 768w, https:\/\/lasubita.com\/wp-content\/uploads\/2025\/07\/lasubita1926-copia-1025x1536.jpg 1025w, https:\/\/lasubita.com\/wp-content\/uploads\/2025\/07\/lasubita1926-copia-1366x2048.jpg 1366w, https:\/\/lasubita.com\/wp-content\/uploads\/2025\/07\/lasubita1926-copia-scaled.jpg 1708w\" sizes=\"(max-width: 683px) 100vw, 683px\" \/>\t\t\t\t\t\t\t\t\t\t\t\t\t\t\t<\/div>\n\t\t\t\t\t<\/div>\n\t\t<\/div>\n\t\t\t\t<div class=\"elementor-column elementor-col-25 elementor-inner-column elementor-element elementor-element-c7607b2\" data-id=\"c7607b2\" data-element_type=\"column\" data-e-type=\"column\">\n\t\t\t<div class=\"elementor-widget-wrap elementor-element-populated\">\n\t\t\t\t\t\t<div class=\"elementor-element elementor-element-2f90dbb elementor-widget__width-initial elementor-widget elementor-widget-image\" data-id=\"2f90dbb\" data-element_type=\"widget\" data-e-type=\"widget\" data-widget_type=\"image.default\">\n\t\t\t\t\t\t\t\t\t\t\t\t\t\t\t<img loading=\"lazy\" decoding=\"async\" width=\"683\" height=\"1024\" src=\"https:\/\/lasubita.com\/wp-content\/uploads\/2025\/07\/lasubita1604-copia-683x1024.jpg\" class=\"attachment-large size-large wp-image-1274\" alt=\"\" srcset=\"https:\/\/lasubita.com\/wp-content\/uploads\/2025\/07\/lasubita1604-copia-683x1024.jpg 683w, https:\/\/lasubita.com\/wp-content\/uploads\/2025\/07\/lasubita1604-copia-200x300.jpg 200w, https:\/\/lasubita.com\/wp-content\/uploads\/2025\/07\/lasubita1604-copia-768x1151.jpg 768w, https:\/\/lasubita.com\/wp-content\/uploads\/2025\/07\/lasubita1604-copia-1025x1536.jpg 1025w, https:\/\/lasubita.com\/wp-content\/uploads\/2025\/07\/lasubita1604-copia-1366x2048.jpg 1366w, https:\/\/lasubita.com\/wp-content\/uploads\/2025\/07\/lasubita1604-copia-scaled.jpg 1708w\" sizes=\"(max-width: 683px) 100vw, 683px\" \/>\t\t\t\t\t\t\t\t\t\t\t\t\t\t\t<\/div>\n\t\t\t\t\t<\/div>\n\t\t<\/div>\n\t\t\t\t<div class=\"elementor-column elementor-col-25 elementor-inner-column elementor-element elementor-element-9fc064c\" data-id=\"9fc064c\" data-element_type=\"column\" data-e-type=\"column\">\n\t\t\t<div class=\"elementor-widget-wrap elementor-element-populated\">\n\t\t\t\t\t\t<div class=\"elementor-element elementor-element-884dddf elementor-widget__width-initial elementor-absolute elementor-widget elementor-widget-image\" data-id=\"884dddf\" data-element_type=\"widget\" data-e-type=\"widget\" data-settings=\"{&quot;_position&quot;:&quot;absolute&quot;}\" data-widget_type=\"image.default\">\n\t\t\t\t\t\t\t\t\t\t\t\t\t\t\t<img loading=\"lazy\" decoding=\"async\" width=\"683\" height=\"1024\" src=\"https:\/\/lasubita.com\/wp-content\/uploads\/2025\/07\/lasubita1993-copia-683x1024.jpg\" class=\"attachment-large size-large wp-image-1290\" alt=\"\" srcset=\"https:\/\/lasubita.com\/wp-content\/uploads\/2025\/07\/lasubita1993-copia-683x1024.jpg 683w, https:\/\/lasubita.com\/wp-content\/uploads\/2025\/07\/lasubita1993-copia-200x300.jpg 200w, https:\/\/lasubita.com\/wp-content\/uploads\/2025\/07\/lasubita1993-copia-768x1151.jpg 768w, https:\/\/lasubita.com\/wp-content\/uploads\/2025\/07\/lasubita1993-copia-1025x1536.jpg 1025w, https:\/\/lasubita.com\/wp-content\/uploads\/2025\/07\/lasubita1993-copia-1366x2048.jpg 1366w, https:\/\/lasubita.com\/wp-content\/uploads\/2025\/07\/lasubita1993-copia-scaled.jpg 1708w\" sizes=\"(max-width: 683px) 100vw, 683px\" \/>\t\t\t\t\t\t\t\t\t\t\t\t\t\t\t<\/div>\n\t\t\t\t\t<\/div>\n\t\t<\/div>\n\t\t\t\t\t<\/div>\n\t\t<\/section>\n\t\t\t\t<div class=\"elementor-element elementor-element-9364366 elementor-view-default elementor-widget elementor-widget-icon\" data-id=\"9364366\" data-element_type=\"widget\" data-e-type=\"widget\" data-widget_type=\"icon.default\">\n\t\t\t\t\t\t\t<div class=\"elementor-icon-wrapper\">\n\t\t\t<a class=\"elementor-icon\" href=\"#up2\">\n\t\t\t<svg aria-hidden=\"true\" class=\"e-font-icon-svg e-fas-arrow-alt-circle-up\" viewBox=\"0 0 512 512\" xmlns=\"http:\/\/www.w3.org\/2000\/svg\"><path d=\"M8 256C8 119 119 8 256 8s248 111 248 248-111 248-248 248S8 393 8 256zm292 116V256h70.9c10.7 0 16.1-13 8.5-20.5L264.5 121.2c-4.7-4.7-12.2-4.7-16.9 0l-115 114.3c-7.6 7.6-2.2 20.5 8.5 20.5H212v116c0 6.6 5.4 12 12 12h64c6.6 0 12-5.4 12-12z\"><\/path><\/svg>\t\t\t<\/a>\n\t\t<\/div>\n\t\t\t\t\t\t<\/div>\n\t\t\t\t<div class=\"elementor-element elementor-element-95d06dd elementor-widget elementor-widget-menu-anchor\" data-id=\"95d06dd\" data-element_type=\"widget\" data-e-type=\"widget\" data-widget_type=\"menu-anchor.default\">\n\t\t\t\t\t\t\t<div class=\"elementor-menu-anchor\" id=\"subita\"><\/div>\n\t\t\t\t\t\t<\/div>\n\t\t\t\t<section class=\"elementor-section elementor-inner-section elementor-element elementor-element-dd2435c elementor-section-boxed elementor-section-height-default elementor-section-height-default\" data-id=\"dd2435c\" data-element_type=\"section\" data-e-type=\"section\">\n\t\t\t\t\t\t<div class=\"elementor-container elementor-column-gap-default\">\n\t\t\t\t\t<div class=\"elementor-column elementor-col-100 elementor-inner-column elementor-element elementor-element-c7a8b3d\" data-id=\"c7a8b3d\" data-element_type=\"column\" data-e-type=\"column\">\n\t\t\t<div class=\"elementor-widget-wrap elementor-element-populated\">\n\t\t\t\t\t\t<div class=\"elementor-element elementor-element-df62598 elementor-widget elementor-widget-heading\" data-id=\"df62598\" data-element_type=\"widget\" data-e-type=\"widget\" data-widget_type=\"heading.default\">\n\t\t\t\t\t<h2 class=\"elementor-heading-title elementor-size-default\">BIO LaS\u00fabita<\/h2>\t\t\t\t<\/div>\n\t\t\t\t<div class=\"elementor-element elementor-element-71b1f99 elementor-widget elementor-widget-heading\" data-id=\"71b1f99\" data-element_type=\"widget\" data-e-type=\"widget\" data-widget_type=\"heading.default\">\n\t\t\t\t\t<h2 class=\"elementor-heading-title elementor-size-default\">LaS\u00fabita ha creat els espectacles seg\u00fcents: Aur\u00e8lia, Am\u00e8lia i Carles (2017), en col\u00b7laboraci\u00f3 amb David Men\u00e9ndez i coprodu\u00eft per l'Escena Nacional d'Andorra; \"A la panxa del bou\" (2018), una pe\u00e7a de dansa, teatre i humor de carrer que juga amb el temps esc\u00e8nic, es va estrenar al festival ONAdance de Palam\u00f3s; \"POLS\" (2019), una instal\u00b7laci\u00f3 viva i contemplativa per a espais no convencionals amb la participaci\u00f3 en directe del violoncel\u00b7lista Jordi Claret; \"Olor de menta\" (2019), creada despr\u00e9s de ser seleccionada per al projecte \"Balla'm un llibre\" de l'APDC, la Generalitat de Catalunya i la Fundaci\u00f3 Brossa, una pe\u00e7a curta basada en els poemes teatrals de Joan Brossa per a biblioteques, escoles i espais no convencionals; Silver Ballad (2021), la primera pe\u00e7a de llarga durada de la companyia per al teatre, amb la participaci\u00f3 de moltes dones inspiradores (Cecilia Colacrai, el col\u00b7lectiu Fil d'Arena, N\u00faria Guiu, Anne Le Batard i Laura Morales), un projecte seleccionat per al programa AlianSat i estrenat al Teatre SAT! Com a subprojecte de \"Silver Ballad\", es va crear #practicasdeloinvisible, un contenidor de pr\u00e0ctiques f\u00edsiques i reflexions que van sorgir durant el proc\u00e9s de creaci\u00f3, que es va convertir en un taller per al p\u00fablic, un espai de trobada per a professionals de la dansa i un espai d'exposici\u00f3 i connexi\u00f3 amb el p\u00fablic. #practicasdeloinvisible s'ha presentat en contextos com ara: el festival Sism\u00f2graf 2021, Sortutakoak i el festival LABO 2022, Nilak 2022, entre d'altres; \"POP. Un mon\u00f2leg de dansa\" (2023), amb el suport del festival Sism\u00f2graf, La Nau Ivanow, La Caldera, entre d'altres; \"Danceoke POP\" (2023), presentat al festival Figueres es Mou i al Mercat de les Flors; \"Foc i lloc\" (2024), amb el suport del festival Terra Roja, Can Grau, entre d'altres; i \"ona\" (2025), un espectacle dissenyat per a nens i nenes de 2 a 5 anys, coprodu\u00eft pel Mercat de les Flors i el Festival El Petit.  <\/h2>\t\t\t\t<\/div>\n\t\t\t\t<div class=\"elementor-element elementor-element-6d7b546 elementor-view-default elementor-widget elementor-widget-icon\" data-id=\"6d7b546\" data-element_type=\"widget\" data-e-type=\"widget\" data-widget_type=\"icon.default\">\n\t\t\t\t\t\t\t<div class=\"elementor-icon-wrapper\">\n\t\t\t<a class=\"elementor-icon\" href=\"#up2\">\n\t\t\t<svg aria-hidden=\"true\" class=\"e-font-icon-svg e-fas-arrow-alt-circle-up\" viewBox=\"0 0 512 512\" xmlns=\"http:\/\/www.w3.org\/2000\/svg\"><path d=\"M8 256C8 119 119 8 256 8s248 111 248 248-111 248-248 248S8 393 8 256zm292 116V256h70.9c10.7 0 16.1-13 8.5-20.5L264.5 121.2c-4.7-4.7-12.2-4.7-16.9 0l-115 114.3c-7.6 7.6-2.2 20.5 8.5 20.5H212v116c0 6.6 5.4 12 12 12h64c6.6 0 12-5.4 12-12z\"><\/path><\/svg>\t\t\t<\/a>\n\t\t<\/div>\n\t\t\t\t\t\t<\/div>\n\t\t\t\t<div class=\"elementor-element elementor-element-9839a8f elementor-widget elementor-widget-menu-anchor\" data-id=\"9839a8f\" data-element_type=\"widget\" data-e-type=\"widget\" data-widget_type=\"menu-anchor.default\">\n\t\t\t\t\t\t\t<div class=\"elementor-menu-anchor\" id=\"anna\"><\/div>\n\t\t\t\t\t\t<\/div>\n\t\t\t\t\t<\/div>\n\t\t<\/div>\n\t\t\t\t\t<\/div>\n\t\t<\/section>\n\t\t\t\t<section class=\"elementor-section elementor-inner-section elementor-element elementor-element-b95b8ad elementor-section-boxed elementor-section-height-default elementor-section-height-default\" data-id=\"b95b8ad\" data-element_type=\"section\" data-e-type=\"section\">\n\t\t\t\t\t\t<div class=\"elementor-container elementor-column-gap-default\">\n\t\t\t\t\t<div class=\"elementor-column elementor-col-100 elementor-inner-column elementor-element elementor-element-8974ec0\" data-id=\"8974ec0\" data-element_type=\"column\" data-e-type=\"column\">\n\t\t\t<div class=\"elementor-widget-wrap elementor-element-populated\">\n\t\t\t\t\t\t<div class=\"elementor-element elementor-element-fc82959 elementor-widget elementor-widget-heading\" data-id=\"fc82959\" data-element_type=\"widget\" data-e-type=\"widget\" data-widget_type=\"heading.default\">\n\t\t\t\t\t<h2 class=\"elementor-heading-title elementor-size-default\">BIO Anna Feliu Rich (administraci\u00f3 i producci\u00f3)\n<\/h2>\t\t\t\t<\/div>\n\t\t\t\t<div class=\"elementor-element elementor-element-5ade425 elementor-widget elementor-widget-heading\" data-id=\"5ade425\" data-element_type=\"widget\" data-e-type=\"widget\" data-widget_type=\"heading.default\">\n\t\t\t\t\t<h2 class=\"elementor-heading-title elementor-size-default\">Professional en l'\u00e0mbit de les arts esc\u00e8niques i la cultura. Llicenciat en Coreografia i T\u00e8cniques d'Interpretaci\u00f3 de la Dansa per l'Institut del Teatre (2012\u20132018), amb una especialitzaci\u00f3 en teatre-dans de la Universitat Nacional d'Arts (UNA) de Buenos Aires i format en Gesti\u00f3 i Producci\u00f3 d'Espectacles i Festivals a la Universitat de Barcelona (2019\u20132020). T\u00e9 experi\u00e8ncia en coordinaci\u00f3, gesti\u00f3 cultural i producci\u00f3 art\u00edstica i executiva en l'\u00e0mbit de les arts esc\u00e8niques.  <br><br>En l'\u00e0mbit de la producci\u00f3, va comen\u00e7ar la seva carrera com a part de l'equip de producci\u00f3 del Fes+Chapeau 2019 International Performing Arts Festival, co-coordinant el programa de resid\u00e8ncia art\u00edstica El Celler de Creaci\u00f3 de la Carpa Revoluci\u00f3 i treballant com a productora executiva en l'espectacle Kru de Ra\u00fcl Moreno. El novembre de 2021, es va incorporar a la companyia de dansa La S\u00fabita, fundada per Emma Riba i Laura Alcal\u00e0, on continua actualment. Al mateix temps, ha treballat en la coordinaci\u00f3 de l'oficina t\u00e8cnica de Barcelona Districte Cultural (BDC), en la producci\u00f3 executiva de la companyia de circ Paki Paya i de la companyia de dansa La Quebr\u00e1; Ha treballat al Festival Menorca en Dansa gestionant la contractaci\u00f3 de companyies, ha participat en la coordinaci\u00f3 de Top Grups Teatre al Teatre Poliorama i ha treballat al departament de producci\u00f3 de Tres per 3, on s'encarregava de l'\u00e0rea d'esdeveniments i de la sala deassaigs del Teatre Poliorama. Actualment treballa com a gestora de producci\u00f3 i distribuci\u00f3 freelance amb la companyia de circ 'eia' i La S\u00fabita.   <\/h2>\t\t\t\t<\/div>\n\t\t\t\t<div class=\"elementor-element elementor-element-abae050 elementor-view-default elementor-widget elementor-widget-icon\" data-id=\"abae050\" data-element_type=\"widget\" data-e-type=\"widget\" data-widget_type=\"icon.default\">\n\t\t\t\t\t\t\t<div class=\"elementor-icon-wrapper\">\n\t\t\t<a class=\"elementor-icon\" href=\"#up2\">\n\t\t\t<svg aria-hidden=\"true\" class=\"e-font-icon-svg e-fas-arrow-alt-circle-up\" viewBox=\"0 0 512 512\" xmlns=\"http:\/\/www.w3.org\/2000\/svg\"><path d=\"M8 256C8 119 119 8 256 8s248 111 248 248-111 248-248 248S8 393 8 256zm292 116V256h70.9c10.7 0 16.1-13 8.5-20.5L264.5 121.2c-4.7-4.7-12.2-4.7-16.9 0l-115 114.3c-7.6 7.6-2.2 20.5 8.5 20.5H212v116c0 6.6 5.4 12 12 12h64c6.6 0 12-5.4 12-12z\"><\/path><\/svg>\t\t\t<\/a>\n\t\t<\/div>\n\t\t\t\t\t\t<\/div>\n\t\t\t\t<div class=\"elementor-element elementor-element-9e2fadb elementor-widget elementor-widget-menu-anchor\" data-id=\"9e2fadb\" data-element_type=\"widget\" data-e-type=\"widget\" data-widget_type=\"menu-anchor.default\">\n\t\t\t\t\t\t\t<div class=\"elementor-menu-anchor\" id=\"patty\"><\/div>\n\t\t\t\t\t\t<\/div>\n\t\t\t\t\t<\/div>\n\t\t<\/div>\n\t\t\t\t\t<\/div>\n\t\t<\/section>\n\t\t\t\t<section class=\"elementor-section elementor-inner-section elementor-element elementor-element-7d68a63 elementor-section-boxed elementor-section-height-default elementor-section-height-default\" data-id=\"7d68a63\" data-element_type=\"section\" data-e-type=\"section\">\n\t\t\t\t\t\t<div class=\"elementor-container elementor-column-gap-default\">\n\t\t\t\t\t<div class=\"elementor-column elementor-col-100 elementor-inner-column elementor-element elementor-element-8904199\" data-id=\"8904199\" data-element_type=\"column\" data-e-type=\"column\">\n\t\t\t<div class=\"elementor-widget-wrap elementor-element-populated\">\n\t\t\t\t\t\t<div class=\"elementor-element elementor-element-c1cea26 elementor-widget elementor-widget-heading\" data-id=\"c1cea26\" data-element_type=\"widget\" data-e-type=\"widget\" data-widget_type=\"heading.default\">\n\t\t\t\t\t<h2 class=\"elementor-heading-title elementor-size-default\">BIO Patty Maestre Pera (distribuci\u00f3 i producci\u00f3 en gira)\n<\/h2>\t\t\t\t<\/div>\n\t\t\t\t<div class=\"elementor-element elementor-element-9d7cc1a elementor-widget elementor-widget-heading\" data-id=\"9d7cc1a\" data-element_type=\"widget\" data-e-type=\"widget\" data-widget_type=\"heading.default\">\n\t\t\t\t\t<h2 class=\"elementor-heading-title elementor-size-default\">Periodista i responsable de comptes en ag\u00e8ncies de comunicaci\u00f3. Actualment ajuda a gestionar un espai d'arts esc\u00e8niques situat a Barcelona, Pla Roig, a m\u00e9s de ser gestora i distribu\u00efdora d'artistes emergents d'arts esc\u00e8niques i organitzadora d'esdeveniments culturals. Amb una de les artistes que representa, ha participat a la Fira Mediterr\u00e0nia de Manresa, en una activitat promoguda per Catalan Arts i la Fira de T\u00e0rrega anomenada Creative Lab. Tamb\u00e9 ha format part del Festival Dansa Metropolitana, el Festival Dans\u00e0neu, el Clubs Festival i Barcelona Districte Cultural. Ha treballat en ag\u00e8ncies de comunicaci\u00f3, galeries d'art i en un diari. M\u00e9s tard, es va centrar en la gesti\u00f3 cultural i, entre la comunicaci\u00f3 i el seu inter\u00e8s per les arts esc\u00e8niques, ha seguit el cam\u00ed de la distribuci\u00f3 i la gesti\u00f3. Va estudiar Periodisme i Relacions P\u00fabliques a la Universitat Abat Oliba i tamb\u00e9 t\u00e9 un m\u00e0ster en M\u00e0rqueting Digital i Comer\u00e7 Electr\u00f2nic. Tamb\u00e9 va fer un curs de Gesti\u00f3 de Comunitats i formaci\u00f3 en gesti\u00f3 cultural.       <\/h2>\t\t\t\t<\/div>\n\t\t\t\t\t<\/div>\n\t\t<\/div>\n\t\t\t\t\t<\/div>\n\t\t<\/section>\n\t\t\t\t<div class=\"elementor-element elementor-element-1cfeb55 elementor-view-default elementor-widget elementor-widget-icon\" data-id=\"1cfeb55\" data-element_type=\"widget\" data-e-type=\"widget\" data-widget_type=\"icon.default\">\n\t\t\t\t\t\t\t<div class=\"elementor-icon-wrapper\">\n\t\t\t<a class=\"elementor-icon\" href=\"#up2\">\n\t\t\t<svg aria-hidden=\"true\" class=\"e-font-icon-svg e-fas-arrow-alt-circle-up\" viewBox=\"0 0 512 512\" xmlns=\"http:\/\/www.w3.org\/2000\/svg\"><path d=\"M8 256C8 119 119 8 256 8s248 111 248 248-111 248-248 248S8 393 8 256zm292 116V256h70.9c10.7 0 16.1-13 8.5-20.5L264.5 121.2c-4.7-4.7-12.2-4.7-16.9 0l-115 114.3c-7.6 7.6-2.2 20.5 8.5 20.5H212v116c0 6.6 5.4 12 12 12h64c6.6 0 12-5.4 12-12z\"><\/path><\/svg>\t\t\t<\/a>\n\t\t<\/div>\n\t\t\t\t\t\t<\/div>\n\t\t\t\t<section class=\"elementor-section elementor-inner-section elementor-element elementor-element-65a24f5 elementor-section-boxed elementor-section-height-default elementor-section-height-default\" data-id=\"65a24f5\" data-element_type=\"section\" data-e-type=\"section\">\n\t\t\t\t\t\t<div class=\"elementor-container elementor-column-gap-default\">\n\t\t\t\t\t<div class=\"elementor-column elementor-col-100 elementor-inner-column elementor-element elementor-element-bd90144\" data-id=\"bd90144\" data-element_type=\"column\" data-e-type=\"column\">\n\t\t\t<div class=\"elementor-widget-wrap elementor-element-populated\">\n\t\t\t\t\t\t<div class=\"elementor-element elementor-element-3ae7d7c elementor-widget elementor-widget-heading\" data-id=\"3ae7d7c\" data-element_type=\"widget\" data-e-type=\"widget\" data-widget_type=\"heading.default\">\n\t\t\t\t\t<h2 class=\"elementor-heading-title elementor-size-default\">EN CONSTRUCCI\u00d3<br>...<\/h2>\t\t\t\t<\/div>\n\t\t\t\t<div class=\"elementor-element elementor-element-164235f elementor-align-center elementor-widget elementor-widget-button\" data-id=\"164235f\" data-element_type=\"widget\" data-e-type=\"widget\" data-widget_type=\"button.default\">\n\t\t\t\t\t\t\t\t\t\t<a class=\"elementor-button elementor-button-link elementor-size-sm\" href=\"https:\/\/asociacionlasubita.com\/wp-content\/uploads\/2025\/07\/LauraAlcalaFreudenthal_PORTFOLIO_compressed.pdf\" target=\"_blank\">\n\t\t\t\t\t\t<span class=\"elementor-button-content-wrapper\">\n\t\t\t\t\t\t\t\t\t<span class=\"elementor-button-text\">Portfoli<\/span>\n\t\t\t\t\t<\/span>\n\t\t\t\t\t<\/a>\n\t\t\t\t\t\t\t\t<\/div>\n\t\t\t\t<div class=\"elementor-element elementor-element-53840e2 elementor-view-default elementor-widget elementor-widget-icon\" data-id=\"53840e2\" data-element_type=\"widget\" data-e-type=\"widget\" data-widget_type=\"icon.default\">\n\t\t\t\t\t\t\t<div class=\"elementor-icon-wrapper\">\n\t\t\t<a class=\"elementor-icon\" href=\"https:\/\/www.instagram.com\/lauraalcalafreudenthal\/?hl=es\">\n\t\t\t<svg aria-hidden=\"true\" class=\"e-font-icon-svg e-fab-instagram\" viewBox=\"0 0 448 512\" xmlns=\"http:\/\/www.w3.org\/2000\/svg\"><path d=\"M224.1 141c-63.6 0-114.9 51.3-114.9 114.9s51.3 114.9 114.9 114.9S339 319.5 339 255.9 287.7 141 224.1 141zm0 189.6c-41.1 0-74.7-33.5-74.7-74.7s33.5-74.7 74.7-74.7 74.7 33.5 74.7 74.7-33.6 74.7-74.7 74.7zm146.4-194.3c0 14.9-12 26.8-26.8 26.8-14.9 0-26.8-12-26.8-26.8s12-26.8 26.8-26.8 26.8 12 26.8 26.8zm76.1 27.2c-1.7-35.9-9.9-67.7-36.2-93.9-26.2-26.2-58-34.4-93.9-36.2-37-2.1-147.9-2.1-184.9 0-35.8 1.7-67.6 9.9-93.9 36.1s-34.4 58-36.2 93.9c-2.1 37-2.1 147.9 0 184.9 1.7 35.9 9.9 67.7 36.2 93.9s58 34.4 93.9 36.2c37 2.1 147.9 2.1 184.9 0 35.9-1.7 67.7-9.9 93.9-36.2 26.2-26.2 34.4-58 36.2-93.9 2.1-37 2.1-147.8 0-184.8zM398.8 388c-7.8 19.6-22.9 34.7-42.6 42.6-29.5 11.7-99.5 9-132.1 9s-102.7 2.6-132.1-9c-19.6-7.8-34.7-22.9-42.6-42.6-11.7-29.5-9-99.5-9-132.1s-2.6-102.7 9-132.1c7.8-19.6 22.9-34.7 42.6-42.6 29.5-11.7 99.5-9 132.1-9s102.7-2.6 132.1 9c19.6 7.8 34.7 22.9 42.6 42.6 11.7 29.5 9 99.5 9 132.1s2.7 102.7-9 132.1z\"><\/path><\/svg>\t\t\t<\/a>\n\t\t<\/div>\n\t\t\t\t\t\t<\/div>\n\t\t\t\t<div class=\"elementor-element elementor-element-72bf1e5 elementor-view-default elementor-widget elementor-widget-icon\" data-id=\"72bf1e5\" data-element_type=\"widget\" data-e-type=\"widget\" data-widget_type=\"icon.default\">\n\t\t\t\t\t\t\t<div class=\"elementor-icon-wrapper\">\n\t\t\t<a class=\"elementor-icon\" href=\"https:\/\/linktr.ee\/lauraalcalafreudentha\">\n\t\t\t<svg aria-hidden=\"true\" class=\"e-font-icon-svg e-fab-linkedin\" viewBox=\"0 0 448 512\" xmlns=\"http:\/\/www.w3.org\/2000\/svg\"><path d=\"M416 32H31.9C14.3 32 0 46.5 0 64.3v383.4C0 465.5 14.3 480 31.9 480H416c17.6 0 32-14.5 32-32.3V64.3c0-17.8-14.4-32.3-32-32.3zM135.4 416H69V202.2h66.5V416zm-33.2-243c-21.3 0-38.5-17.3-38.5-38.5S80.9 96 102.2 96c21.2 0 38.5 17.3 38.5 38.5 0 21.3-17.2 38.5-38.5 38.5zm282.1 243h-66.4V312c0-24.8-.5-56.7-34.5-56.7-34.6 0-39.9 27-39.9 54.9V416h-66.4V202.2h63.7v29.2h.9c8.9-16.8 30.6-34.5 62.9-34.5 67.2 0 79.7 44.3 79.7 101.9V416z\"><\/path><\/svg>\t\t\t<\/a>\n\t\t<\/div>\n\t\t\t\t\t\t<\/div>\n\t\t\t\t\t<\/div>\n\t\t<\/div>\n\t\t\t\t\t<\/div>\n\t\t<\/section>\n\t\t\t\t<section class=\"elementor-section elementor-inner-section elementor-element elementor-element-7dac312 elementor-section-boxed elementor-section-height-default elementor-section-height-default\" data-id=\"7dac312\" data-element_type=\"section\" data-e-type=\"section\">\n\t\t\t\t\t\t<div class=\"elementor-container elementor-column-gap-default\">\n\t\t\t\t\t<div class=\"elementor-column elementor-col-100 elementor-inner-column elementor-element elementor-element-68bae04\" data-id=\"68bae04\" data-element_type=\"column\" data-e-type=\"column\">\n\t\t\t<div class=\"elementor-widget-wrap elementor-element-populated\">\n\t\t\t\t\t\t<div class=\"elementor-element elementor-element-c3ef53a elementor-widget elementor-widget-heading\" data-id=\"c3ef53a\" data-element_type=\"widget\" data-e-type=\"widget\" data-widget_type=\"heading.default\">\n\t\t\t\t\t<h2 class=\"elementor-heading-title elementor-size-default\">EN CONSTRUCCI\u00d3<br>...<\/h2>\t\t\t\t<\/div>\n\t\t\t\t<div class=\"elementor-element elementor-element-74b88a8 elementor-view-default elementor-widget elementor-widget-icon\" data-id=\"74b88a8\" data-element_type=\"widget\" data-e-type=\"widget\" data-widget_type=\"icon.default\">\n\t\t\t\t\t\t\t<div class=\"elementor-icon-wrapper\">\n\t\t\t<a class=\"elementor-icon\" href=\"https:\/\/www.instagram.com\/emma.ri.sa\/?hl=es\">\n\t\t\t<svg aria-hidden=\"true\" class=\"e-font-icon-svg e-fab-instagram\" viewBox=\"0 0 448 512\" xmlns=\"http:\/\/www.w3.org\/2000\/svg\"><path d=\"M224.1 141c-63.6 0-114.9 51.3-114.9 114.9s51.3 114.9 114.9 114.9S339 319.5 339 255.9 287.7 141 224.1 141zm0 189.6c-41.1 0-74.7-33.5-74.7-74.7s33.5-74.7 74.7-74.7 74.7 33.5 74.7 74.7-33.6 74.7-74.7 74.7zm146.4-194.3c0 14.9-12 26.8-26.8 26.8-14.9 0-26.8-12-26.8-26.8s12-26.8 26.8-26.8 26.8 12 26.8 26.8zm76.1 27.2c-1.7-35.9-9.9-67.7-36.2-93.9-26.2-26.2-58-34.4-93.9-36.2-37-2.1-147.9-2.1-184.9 0-35.8 1.7-67.6 9.9-93.9 36.1s-34.4 58-36.2 93.9c-2.1 37-2.1 147.9 0 184.9 1.7 35.9 9.9 67.7 36.2 93.9s58 34.4 93.9 36.2c37 2.1 147.9 2.1 184.9 0 35.9-1.7 67.7-9.9 93.9-36.2 26.2-26.2 34.4-58 36.2-93.9 2.1-37 2.1-147.8 0-184.8zM398.8 388c-7.8 19.6-22.9 34.7-42.6 42.6-29.5 11.7-99.5 9-132.1 9s-102.7 2.6-132.1-9c-19.6-7.8-34.7-22.9-42.6-42.6-11.7-29.5-9-99.5-9-132.1s-2.6-102.7 9-132.1c7.8-19.6 22.9-34.7 42.6-42.6 29.5-11.7 99.5-9 132.1-9s102.7-2.6 132.1 9c19.6 7.8 34.7 22.9 42.6 42.6 11.7 29.5 9 99.5 9 132.1s2.7 102.7-9 132.1z\"><\/path><\/svg>\t\t\t<\/a>\n\t\t<\/div>\n\t\t\t\t\t\t<\/div>\n\t\t\t\t<div class=\"elementor-element elementor-element-3fe13c4 elementor-widget elementor-widget-heading\" data-id=\"3fe13c4\" data-element_type=\"widget\" data-e-type=\"widget\" data-widget_type=\"heading.default\">\n\t\t\t\t\t<h2 class=\"elementor-heading-title elementor-size-default\">FOC I LLOC upcoming premiere:<\/h2>\t\t\t\t<\/div>\n\t\t\t\t<div class=\"elementor-element elementor-element-b71b22f elementor-widget elementor-widget-heading\" data-id=\"b71b22f\" data-element_type=\"widget\" data-e-type=\"widget\" data-widget_type=\"heading.default\">\n\t\t\t\t\t<h2 class=\"elementor-heading-title elementor-size-default\"><a href=\"http:\/\/www.firatarrega.cat\/fira\/programa\/en_2025\/27\/foc-i-lloc\">http:\/\/www.firatarrega.cat\/fira\/programa\/en_2025\/27\/foc-i-lloc<\/a><\/h2>\t\t\t\t<\/div>\n\t\t\t\t\t<\/div>\n\t\t<\/div>\n\t\t\t\t\t<\/div>\n\t\t<\/section>\n\t\t\t\t\t<\/div>\n\t\t<\/div>\n\t\t\t\t\t<\/div>\n\t\t<\/section>\n\t\t\t\t<\/div>\n\t\t","protected":false},"excerpt":{"rendered":"<p>Som Emma Riba Santur\u00e9 i Laura Alcala Freudenthal, dues artistes de la dansa que treballem juntes des del 2017 per compartir una llar art\u00edstica: LaS\u00fabita. Una llar figurativa, una habitaci\u00f3 pr\u00f2pia des de la qual treballar i promoure projectes en com\u00fa, amb el suport inavaluable d&#8217;Anna Feliu Rich (administraci\u00f3 i producci\u00f3) i de Patty Maestre [&hellip;]<\/p>\n","protected":false},"author":1,"featured_media":0,"parent":0,"menu_order":0,"comment_status":"closed","ping_status":"closed","template":"","meta":{"footnotes":""},"class_list":["post-2014","page","type-page","status-publish","hentry"],"_links":{"self":[{"href":"https:\/\/lasubita.com\/ca\/wp-json\/wp\/v2\/pages\/2014","targetHints":{"allow":["GET"]}}],"collection":[{"href":"https:\/\/lasubita.com\/ca\/wp-json\/wp\/v2\/pages"}],"about":[{"href":"https:\/\/lasubita.com\/ca\/wp-json\/wp\/v2\/types\/page"}],"author":[{"embeddable":true,"href":"https:\/\/lasubita.com\/ca\/wp-json\/wp\/v2\/users\/1"}],"replies":[{"embeddable":true,"href":"https:\/\/lasubita.com\/ca\/wp-json\/wp\/v2\/comments?post=2014"}],"version-history":[{"count":3,"href":"https:\/\/lasubita.com\/ca\/wp-json\/wp\/v2\/pages\/2014\/revisions"}],"predecessor-version":[{"id":2046,"href":"https:\/\/lasubita.com\/ca\/wp-json\/wp\/v2\/pages\/2014\/revisions\/2046"}],"wp:attachment":[{"href":"https:\/\/lasubita.com\/ca\/wp-json\/wp\/v2\/media?parent=2014"}],"curies":[{"name":"wp","href":"https:\/\/api.w.org\/{rel}","templated":true}]}}